{"id":26,"date":"2020-11-15T16:46:06","date_gmt":"2020-11-15T15:46:06","guid":{"rendered":"https:\/\/www.psychotherapie-dresden-blasewitz.de\/?page_id=26"},"modified":"2023-02-07T21:16:21","modified_gmt":"2023-02-07T20:16:21","slug":"haeufig-gestellte-fragen","status":"publish","type":"page","link":"https:\/\/www.psychotherapie-dresden-blasewitz.de\/index.php\/information\/haeufig-gestellte-fragen\/","title":{"rendered":"H\u00e4ufig gestellte Fragen"},"content":{"rendered":"\n<p id=\"block-0fd89874-7408-4586-851f-325f2f064fe3\">An dieser Stelle finden Sie Antworten auf h\u00e4ufig gestellte Fragen. Wenn Sie die Antwort auf Ihre Frage hier nicht finden, nutzen Sie bitte die angebotenen&nbsp;<a href=\"https:\/\/www.psychotherapie-dresden-blasewitz.de\/index.php\/kontakt\/\">Kontaktm\u00f6glichkeiten<\/a>.<\/p>\n\n\n\n<h2 class=\"wp-block-heading\" id=\"block-6a58d726-296d-4bc5-9aa6-aa8c27612419\">Brauche ich eine \u00dcberweisung?<\/h2>\n\n\n\n<p id=\"block-e78097b8-3d8c-47a4-9fe4-ac46e9882729\">Sie k\u00f6nnen&nbsp; direkt einen Termin beim Psychotherapeuten vereinbaren. Sie ben\u00f6tigen keine \u00dcberweisung; Die Versicherten-Karte (Gesundheitskarte) reicht aus. Nat\u00fcrlich k\u00f6nnen Sie sich aber auch \u00fcberweisen lassen. N\u00e4heres finden Sie auch&nbsp;<a href=\"https:\/\/www.psychotherapie-dresden-blasewitz.de\/index.php\/kosten\/\">hier<\/a>.<\/p>\n\n\n\n<h2 class=\"wp-block-heading\" id=\"block-a57372df-5133-4578-a06c-ec9e1eb79430\">Was ist eine Sprechstunde?<\/h2>\n\n\n\n<p id=\"block-88813688-7ab2-4671-8428-2a9c0120a780\">In der Sprechstunde  sollten Sie Ihre Beschwerden und Probleme m\u00f6glichst genau schildern.&nbsp; Sie haben die M\u00f6glichkeit zu schauen, ob Sie sich in der Praxis und mit der Therapeutin wohl f\u00fchlen; die Therapeutin entscheidet, ob Sie&nbsp; die geeignete Behandlerin f\u00fcr Ihre Problematik ist.&nbsp; Haben Sie bitte keine Scheu, Fragen zu stellen oder Zweifel zu benennen.&nbsp; Es ist wichtig, dass alle evtl. Unsicherheiten&nbsp; im Gespr\u00e4ch gekl\u00e4rt werden.&nbsp; Ebenso sollten Sie Ihre Erwartungen und Ziele formulieren. In jedem Fall wird es darum gehen, individuelle Probleml\u00f6sungen zu finden. Bei Kindern kann es sinnvoll sein, das Erstgespr\u00e4ch nur mit den Eltern zu f\u00fchren. <\/p>\n\n\n\n<h2 class=\"wp-block-heading\" id=\"block-58bb00cd-0f74-45d9-8478-8687c4977543\">Wie ist der Ablauf einer Therapie?<\/h2>\n\n\n\n<p id=\"block-e75f5eff-5af0-4252-b4e1-28a5932153db\">Die ersten Sitzungen &nbsp;werden auch probatorische &nbsp;Sitzungen genannt. In diesen Stunden lernen sich Therapeut und Patient kennen. Der Therapeut nutzt diese Sitzungen zur Diagnostik. Dann wird eine Therapie bei der Krankenkasse beantragt. Die Kassen genehmigen die Therapie in der Regel ohne Komplikationen. In der Regel wird mit einer Kurzzeittherapie (24 Sitzungen) begonnen. &nbsp;H\u00e4ufig ist dies vollkommen ausreichend. Die Kurzzeittherapie kann bei Bedarf aber auch in eine Langzeittherapie umgewandelt werden. &nbsp;Die meisten Patienten kommen einmal pro Woche (Dauer: 50 Minuten), wenn die Symptomatik sich gebessert hat, auch in gr\u00f6\u00dferen Abst\u00e4nden. Die Bundespsychotherapeutenkammer informiert umfassend \u00fcber den Ablauf einer Therapie in der Brosch\u00fcre&nbsp;\u201eWege zur Psychotherapie\u201c.<\/p>\n\n\n\n<h2 class=\"wp-block-heading\" id=\"block-dab7fff6-0596-4423-a65c-56e239e029f3\">Wie kann ich einen Therapieplatz finden?<\/h2>\n\n\n\n<p id=\"block-934b0c1c-0616-42d1-9a28-8313348819da\">Sie &nbsp;k\u00f6nnen &nbsp;das <a href=\"http:\/\/www.kvs-sachsen.de\/suche-nach-aerzten-und-psychotherapeuten\">Portal Arztsuche der Kassen\u00e4rztlichen Vereinigung Sachsen<\/a> nutzen. Dort finden Sie die Adressen aller niedergelassenen Psychologischen Psychotherapeuten in Sachsen. Bitte w\u00e4hlen Sie unter Fachgebiet Psychologischer Psychotherapeut oder Kinder und Jugendlichenpsychotherapeut oder \u00e4rztlicher Therapeut\/Psychiater  aus und geben den Ort an, in dem Sie suchen. <\/p>\n\n\n\n<p id=\"block-934b0c1c-0616-42d1-9a28-8313348819da\"><br>Suchen Sie in einer Krisensituation schnell Hilfe, k\u00f6nnen Sie sich an das Universit\u00e4tsklinikum  Dresden oder den <a href=\"https:\/\/www.dresden.de\/de\/leben\/gesundheit\/beratung\/seelische-gesundheit\/psychosozialer-krisendienst.php\" target=\"_blank\" rel=\"noreferrer noopener\">Krisendienst der Stadt Dresden<\/a> wenden. <\/p>\n\n\n\n<h2 class=\"wp-block-heading\" id=\"block-0d293470-6931-447b-b811-5caef1e4ac81\">Was ist der Unterschied zwischen Psychotherapeuten, Psychiatern und Psychologen?<\/h2>\n\n\n\n<p id=\"block-87ee89f6-f0e4-450c-8cb9-676bd9d7e84d\">Psychotherapeut, Psychiater, Psychologe; drei Berufsbezeichnungen, die immer wieder im allgemeinen Sprachgebrauch miteinander verwechselt werden. Psychiater haben Medizin studiert, Dipl. Psychologen haben ein Psychologiestudium absolviert.<\/p>\n\n\n\n<p id=\"block-9a800785-b7ac-474a-a84f-085418b47994\">Psychotherapeuten haben eine zus\u00e4tzliche Ausbildung, vergleichbar wie \u00c4rzte, die nach ihrem Studium eine Facharztausbildung (z.B. Orthop\u00e4die, Neurologie, etc.) durchlaufen. &nbsp;Nur Psychologische Psychotherapeuten, Kinder- und Jugendlichenpsychotherapeuten und \u00e4rztliche Psychotherapeuten erf\u00fcllen durch ihre Ausbildung die Voraussetzungen, &nbsp;den Titel Psychotherapeut  f\u00fchren zu d\u00fcrfen. Alle drei Berufsgruppen haben eine Approbation und sind Mitglied einer Kammer, unterliegen also einer berufsrechtlichen Aufsicht.<\/p>\n\n\n\n<h2 class=\"wp-block-heading\" id=\"block-54dd1e91-c3a9-4428-a8f3-e7ddd4c01986\">Woran erkenne ich, ob ein Psychotherapeut fachlich qualifiziert ist?<\/h2>\n\n\n\n<p id=\"block-c37cda90-b23d-4209-80f8-971d3a3a9528\">Der Titel Psychotherapeut ist gesetzlich gesch\u00fctzt. Er stellt sicher, dass nach einem Hochschulstudium (Medizin, P\u00e4dagogik (und vergleichbare Studieng\u00e4nge) oder Psychologie eine umfangreiche &nbsp; Ausbildung mit gesetzlich standardisierten Anforderungsprofil absolviert wurde, die mit der Erteilung der Approbation abgeschlossen wird.<\/p>\n\n\n\n<p id=\"block-7e1b6bae-a715-4b28-bd0a-b8289490a75d\">\u201ePsychologische Beratung\u201c und \u00e4hnliches bieten jedoch auch Personen an, die &nbsp;diese Qualifikation nicht haben. Heilpraktiker f\u00fcr Psychotherapie verf\u00fcgen in der Regel \u00fcber keine Approbation und d\u00fcrfen sich nicht Psychotherapeuten nennen. &nbsp;Private und gesetzliche Krankenkassen kommen f\u00fcr die Kosten oft nicht auf.&nbsp;&nbsp;Oft verwenden sie &nbsp;Bezeichnungen wie&nbsp;\u201epsychotherapeutischer Heilpraktiker\u201c, o.\u00e4., die Begriffe sind nicht gesetzlich gesch\u00fctzt. N\u00e4here Ausk\u00fcnfte finden Sie bei der Bundespsychotherapeutenkammer.<\/p>\n\n\n\n<p id=\"block-bc88e0c7-b498-4527-a883-06890895a4f9\">Die gesetzlichen und privaten Krankenkassen \u00fcbernehmen nur bei staatlich approbierten Psychotherapeuten oder zugelassenen Ambulanzen die Behandlungskosten. <\/p>\n\n\n\n<h2 class=\"wp-block-heading\" id=\"block-bc88e0c7-b498-4527-a883-06890895a4f9\"><strong>Was wird unter kognitiver Verhaltenstherapie verstanden?<\/strong><\/h2>\n\n\n\n<p id=\"block-e3a53ed4-6b55-40be-adda-0f8c6918de91\">Im Mittelpunkt der kognitiven Verhaltenstherapie stehen unsere Kognitionen. Unter Kognitionen versteht man das Gef\u00fcge unserer Einstellungen, Gedanken, Bewertungen und \u00dcberzeugungen. &nbsp;Diese Denkmuster sind uns oft nicht bewusst. Sie beeinflussen aber, wie wir uns f\u00fchlen, verhalten und k\u00f6rperlich reagieren. &nbsp;Ein Beispiel f\u00fcr solch ein Denkmuster w\u00e4ren &nbsp;zum Beispiel \u201eIch muss stets perfekt sein, sonst bekomme ich keine Anerkennung\u201c. &nbsp; Oft wissen wir gar nicht genau, was wir denken, da die Kognitionen blitzschnell ablaufen und unser Handeln bestimmen. Innerhalb der Therapie werden diese Muster identifiziert und analysiert, um sie dann durch angemessenere Kognitionen zu ersetzen. Die neuen Kognitionen sollten dann mit Hilfe des Therapeuten in konkreten Situationen erprobt werden.<\/p>\n\n\n\n<h2 class=\"wp-block-heading\" id=\"block-c7ca72fa-5034-4061-b6c1-e02c163dbd48\">Wie findet man diese gedanklichen Muster heraus?<\/h2>\n\n\n\n<p id=\"block-2500154e-67bd-48f9-8b73-9b439483070e\">Um diese nichtbewussten Muster analysieren zu k\u00f6nnen, sind unsere Gef\u00fchle und deren k\u00f6rperlichen Begleiterscheinungen eine wichtige Hilfe. &nbsp;Unsere Gef\u00fchle nehmen wir unmittelbar war, sie sind der Schl\u00fcssel zu unseren nichtbewussten Konzepten \u00fcber uns und die Welt.<\/p>\n\n\n\n<h2 class=\"wp-block-heading\" id=\"block-76411b92-7db1-432d-a136-82ed8ddd939f\">Bedeutet kognitive Verhaltenstherapie positiv denken?<\/h2>\n\n\n\n<p id=\"block-806e5860-f97d-4e39-870e-e69dc9184673\">Nein, \u00a0bloss nicht! Es bedeutet realistisch zu denken. Der Wunsch, sich nur positiv zu f\u00fchlen, kann und soll nicht erf\u00fcllt werden. Dies w\u00e4re sehr realit\u00e4tsfern und w\u00fcrde wieder zu Problemen f\u00fchren. Aber Gedanken, die z.B. durch \u00dcbertreibungen, Generalisierungen und Schwarz-Weiss-Denken gekennzeichnet sind und so zu heftigen unangemessenen Gef\u00fchlen (z.B. \u00c4rger, Traurigkeit), Verhalten (z.B. Wutausbr\u00fcche, Weinen), \u00a0und k\u00f6rperlichen Reaktionen (psychosomatische Beschwerden, z.B. Bluthochdruck) f\u00fchren, sollen durch angemessenere Gedanken ersetzt werden.<\/p>\n\n\n\n<h2 class=\"wp-block-heading\" id=\"block-89f98d37-1325-4b33-abca-de5b8671186f\">Hilft kognitive Verhaltenstherapie?<\/h2>\n\n\n\n<p id=\"block-ca0324f2-8985-401f-9620-c33f57f9408b\">Die Wirksamkeit wurde in vielen Untersuchungen best\u00e4tigt. Sie ist effizient und wird h\u00e4ufig eingesetzt. &nbsp;Die Wirksamkeit ist aber von Ihrer Mitarbeit abh\u00e4ngig. Bei der Therapie von Kindern und Jugendlichen ist das Engagement der Bezugspersonen unentbehrlich. Die Krankenkasse finanziert neben der Therapie f\u00fcr das Kind\/Jugendlichen Sitzungen f\u00fcr die Bezugspersonen. <\/p>\n\n\n\n<p id=\"block-636159a1-0683-49b8-a005-6d745dc9a884\">F\u00fcr den Erfolg ist ausschlaggebend, inwieweit Sie bereit sind, eigene Gedanken und Verhaltensweisen zu beobachten und bereit sind, mit therapeutischer Hilfe neue Bewertungen zu entwickeln und diese im Alltag auszuprobieren. Der Schl\u00fcssel des Erfolges ist Training. Mit ein paar Gespr\u00e4chen ist es leider nicht getan. Bedenken Sie, wie lange Sie ung\u00fcnstige Einstellungen und Verhaltensweisen immer wieder wiederholt haben und quasi \u00fcbten. Je mehr Sie die Bereitschaft zeigen, auch au\u00dferhalb der Sitzungen neue realistische Denkweisen zu trainieren &nbsp;und anzuwenden, umso gr\u00f6\u00dfer wird ihr Therapieerfolg sein.<\/p>\n\n\n\n<h2 class=\"wp-block-heading\" id=\"block-37674535-dc4a-4bc9-a21c-cd6d0761371b\">Warum ist die Abrechnung \u00fcber die gesetzliche Krankenkasse nur bis zum 21. Lebensjahr m\u00f6glich?<\/h2>\n\n\n\n<p id=\"block-04d3df05-8046-432c-b343-643660045cd3\">Die Abrechnung im gesetzlichen Krankenkassensystem ist durch sogenannte Kassenzulassungen &nbsp;geregelt. Von diesen Kassenzulassungen gibt es nur eine bestimmte Anzahl in jeder Region. &nbsp;In Dresden sind diese Kassenzulassungen f\u00fcr Psychotherapie f\u00fcr Erwachsene mittel- bis langfristig alle belegt. &nbsp;Neue Kollegen &nbsp;(z.B. durch Umzug, etc.) bekommen unabh\u00e4ngig von ihren Qualifikationen zur Zeit keine &nbsp;Kassenzulassung. Selbstverst\u00e4ndlich bin ich nach den hohen Ausbildungsrichtlinien des Psychotherapeutengesetzes von 1999 qualifiziert und approbiert und im Arztregister eingetragen. In einigen F\u00e4llen ist es aber f\u00fcr gesetzlich versicherte Patienten m\u00f6glich, \u00fcber die sogenannte&nbsp;Kostenerstattung&nbsp;die Therapie bei einem Psychotherapeuten ohne Kassenzulassung &nbsp;von ihrer Krankenkasse finanziert zu bekommen.<\/p>\n\n\n\n<h2 class=\"wp-block-heading\" id=\"block-3de2b91f-1e38-4a74-9a45-b235d08e865a\">Welche psychischen Probleme oder Erkrankungen werden&nbsp;in einer Psychotherapie behandelt?<\/h2>\n\n\n\n<p id=\"block-94d7e146-4f39-4411-bafc-69ec50dc1d45\">M\u00f6gliche Behandlungsanliegen sind z.B.:<\/p>\n\n\n\n<ul class=\"wp-block-list\">\n<li>Angst-Erkrankungen, z.B. Panikattacken, &nbsp;Phobien (z. B. vor H\u00f6hen), Soziale \u00c4ngste (Kontakt\u00e4ngste), Angst vor Erkrankungen, Pr\u00fcfungs\u00e4ngste<\/li>\n\n\n\n<li>Depressionen, z.B. Gef\u00fchl von innerer Leere, Schuldgef\u00fchle, R\u00fcckzug, Selbstmordgedanken, Hoffnungslosigkeit, Verzweiflung<\/li>\n\n\n\n<li>Essst\u00f6rungen, z.B. Bulimie, Magersucht, Esssucht<\/li>\n\n\n\n<li>Zwangs-Erkrankungen, z.B. Wasch- und Putzzw\u00e4nge, Kontrollzw\u00e4nge, Zwangsimpulse und -gedanken<\/li>\n\n\n\n<li>geringes &nbsp;Selbstwertgef\u00fchl, z.B. Selbstunsicherheit, Versagens\u00e4ngste, Pr\u00fcfungs\u00e4ngste<\/li>\n\n\n\n<li>\u00dcberforderungsreaktionen, z.B. Stress, Schlafst\u00f6rungen, somatoforme St\u00f6rungen<\/li>\n<\/ul>\n","protected":false},"excerpt":{"rendered":"<p>An dieser Stelle finden Sie Antworten auf h\u00e4ufig gestellte Fragen. Wenn Sie die Antwort auf Ihre Frage hier nicht finden, nutzen Sie bitte die angebotenen&nbsp;Kontaktm\u00f6glichkeiten. Brauche ich eine \u00dcberweisung? Sie k\u00f6nnen&nbsp; direkt einen Termin beim Psychotherapeuten vereinbaren. Sie ben\u00f6tigen keine \u00dcberweisung; Die Versicherten-Karte (Gesundheitskarte) reicht aus. Nat\u00fcrlich k\u00f6nnen Sie sich aber auch \u00fcberweisen lassen. N\u00e4heres [&hellip;]<\/p>\n","protected":false},"author":1,"featured_media":0,"parent":16,"menu_order":3,"comment_status":"closed","ping_status":"closed","template":"","meta":{"footnotes":""},"class_list":["post-26","page","type-page","status-publish","czr-hentry"],"yoast_head":"<!-- This site is optimized with the Yoast SEO plugin v27.5 - https:\/\/yoast.com\/product\/yoast-seo-wordpress\/ -->\n<title>H\u00e4ufig gestellte Fragen - Praxis f\u00fcr Psychotherapie<\/title>\n<meta name=\"description\" content=\"Antworten zu h\u00e4ufig gestellte Fragen zur Psychotherapie.\" \/>\n<meta name=\"robots\" content=\"index, follow, max-snippet:-1, max-image-preview:large, max-video-preview:-1\" \/>\n<link rel=\"canonical\" href=\"https:\/\/www.psychotherapie-dresden-blasewitz.de\/index.php\/information\/haeufig-gestellte-fragen\/\" \/>\n<meta property=\"og:locale\" content=\"de_DE\" \/>\n<meta property=\"og:type\" content=\"article\" \/>\n<meta property=\"og:title\" content=\"H\u00e4ufig gestellte Fragen - Praxis f\u00fcr Psychotherapie\" \/>\n<meta property=\"og:description\" content=\"Antworten zu h\u00e4ufig gestellte Fragen zur Psychotherapie.\" \/>\n<meta property=\"og:url\" content=\"https:\/\/www.psychotherapie-dresden-blasewitz.de\/index.php\/information\/haeufig-gestellte-fragen\/\" \/>\n<meta property=\"og:site_name\" content=\"Praxis f\u00fcr Psychotherapie\" \/>\n<meta property=\"article:modified_time\" content=\"2023-02-07T20:16:21+00:00\" \/>\n<meta name=\"twitter:card\" content=\"summary_large_image\" \/>\n<meta name=\"twitter:label1\" content=\"Gesch\u00e4tzte Lesezeit\" \/>\n\t<meta name=\"twitter:data1\" content=\"7\u00a0Minuten\" \/>\n<script type=\"application\/ld+json\" class=\"yoast-schema-graph\">{\"@context\":\"https:\\\/\\\/schema.org\",\"@graph\":[{\"@type\":\"WebPage\",\"@id\":\"https:\\\/\\\/www.psychotherapie-dresden-blasewitz.de\\\/index.php\\\/information\\\/haeufig-gestellte-fragen\\\/\",\"url\":\"https:\\\/\\\/www.psychotherapie-dresden-blasewitz.de\\\/index.php\\\/information\\\/haeufig-gestellte-fragen\\\/\",\"name\":\"H\u00e4ufig gestellte Fragen - Praxis f\u00fcr Psychotherapie\",\"isPartOf\":{\"@id\":\"https:\\\/\\\/www.psychotherapie-dresden-blasewitz.de\\\/#website\"},\"datePublished\":\"2020-11-15T15:46:06+00:00\",\"dateModified\":\"2023-02-07T20:16:21+00:00\",\"description\":\"Antworten zu h\u00e4ufig gestellte Fragen zur Psychotherapie.\",\"breadcrumb\":{\"@id\":\"https:\\\/\\\/www.psychotherapie-dresden-blasewitz.de\\\/index.php\\\/information\\\/haeufig-gestellte-fragen\\\/#breadcrumb\"},\"inLanguage\":\"de\",\"potentialAction\":[{\"@type\":\"ReadAction\",\"target\":[\"https:\\\/\\\/www.psychotherapie-dresden-blasewitz.de\\\/index.php\\\/information\\\/haeufig-gestellte-fragen\\\/\"]}]},{\"@type\":\"BreadcrumbList\",\"@id\":\"https:\\\/\\\/www.psychotherapie-dresden-blasewitz.de\\\/index.php\\\/information\\\/haeufig-gestellte-fragen\\\/#breadcrumb\",\"itemListElement\":[{\"@type\":\"ListItem\",\"position\":1,\"name\":\"Startseite\",\"item\":\"https:\\\/\\\/www.psychotherapie-dresden-blasewitz.de\\\/\"},{\"@type\":\"ListItem\",\"position\":2,\"name\":\"Informationen\",\"item\":\"https:\\\/\\\/www.psychotherapie-dresden-blasewitz.de\\\/index.php\\\/information\\\/\"},{\"@type\":\"ListItem\",\"position\":3,\"name\":\"H\u00e4ufig gestellte Fragen\"}]},{\"@type\":\"WebSite\",\"@id\":\"https:\\\/\\\/www.psychotherapie-dresden-blasewitz.de\\\/#website\",\"url\":\"https:\\\/\\\/www.psychotherapie-dresden-blasewitz.de\\\/\",\"name\":\"Praxis f\u00fcr Psychotherapie\",\"description\":\"Karin Bischoff-Krauth\u00e4user, Diplom-Psychologin, Psychologische Psychotherapeutin\",\"publisher\":{\"@id\":\"https:\\\/\\\/www.psychotherapie-dresden-blasewitz.de\\\/#organization\"},\"potentialAction\":[{\"@type\":\"SearchAction\",\"target\":{\"@type\":\"EntryPoint\",\"urlTemplate\":\"https:\\\/\\\/www.psychotherapie-dresden-blasewitz.de\\\/?s={search_term_string}\"},\"query-input\":{\"@type\":\"PropertyValueSpecification\",\"valueRequired\":true,\"valueName\":\"search_term_string\"}}],\"inLanguage\":\"de\"},{\"@type\":\"Organization\",\"@id\":\"https:\\\/\\\/www.psychotherapie-dresden-blasewitz.de\\\/#organization\",\"name\":\"Praxis f\u00fcr Psychotherapie Karin Bischoff-Krauth\u00e4user\",\"url\":\"https:\\\/\\\/www.psychotherapie-dresden-blasewitz.de\\\/\",\"logo\":{\"@type\":\"ImageObject\",\"inLanguage\":\"de\",\"@id\":\"https:\\\/\\\/www.psychotherapie-dresden-blasewitz.de\\\/#\\\/schema\\\/logo\\\/image\\\/\",\"url\":\"https:\\\/\\\/www.psychotherapie-dresden-blasewitz.de\\\/wp-content\\\/uploads\\\/2021\\\/10\\\/Bildschirmfoto-2021-10-30-um-13.40.11.png\",\"contentUrl\":\"https:\\\/\\\/www.psychotherapie-dresden-blasewitz.de\\\/wp-content\\\/uploads\\\/2021\\\/10\\\/Bildschirmfoto-2021-10-30-um-13.40.11.png\",\"width\":570,\"height\":314,\"caption\":\"Praxis f\u00fcr Psychotherapie Karin Bischoff-Krauth\u00e4user\"},\"image\":{\"@id\":\"https:\\\/\\\/www.psychotherapie-dresden-blasewitz.de\\\/#\\\/schema\\\/logo\\\/image\\\/\"}}]}<\/script>\n<!-- \/ Yoast SEO plugin. -->","yoast_head_json":{"title":"H\u00e4ufig gestellte Fragen - Praxis f\u00fcr Psychotherapie","description":"Antworten zu h\u00e4ufig gestellte Fragen zur Psychotherapie.","robots":{"index":"index","follow":"follow","max-snippet":"max-snippet:-1","max-image-preview":"max-image-preview:large","max-video-preview":"max-video-preview:-1"},"canonical":"https:\/\/www.psychotherapie-dresden-blasewitz.de\/index.php\/information\/haeufig-gestellte-fragen\/","og_locale":"de_DE","og_type":"article","og_title":"H\u00e4ufig gestellte Fragen - Praxis f\u00fcr Psychotherapie","og_description":"Antworten zu h\u00e4ufig gestellte Fragen zur Psychotherapie.","og_url":"https:\/\/www.psychotherapie-dresden-blasewitz.de\/index.php\/information\/haeufig-gestellte-fragen\/","og_site_name":"Praxis f\u00fcr Psychotherapie","article_modified_time":"2023-02-07T20:16:21+00:00","twitter_card":"summary_large_image","twitter_misc":{"Gesch\u00e4tzte Lesezeit":"7\u00a0Minuten"},"schema":{"@context":"https:\/\/schema.org","@graph":[{"@type":"WebPage","@id":"https:\/\/www.psychotherapie-dresden-blasewitz.de\/index.php\/information\/haeufig-gestellte-fragen\/","url":"https:\/\/www.psychotherapie-dresden-blasewitz.de\/index.php\/information\/haeufig-gestellte-fragen\/","name":"H\u00e4ufig gestellte Fragen - Praxis f\u00fcr Psychotherapie","isPartOf":{"@id":"https:\/\/www.psychotherapie-dresden-blasewitz.de\/#website"},"datePublished":"2020-11-15T15:46:06+00:00","dateModified":"2023-02-07T20:16:21+00:00","description":"Antworten zu h\u00e4ufig gestellte Fragen zur Psychotherapie.","breadcrumb":{"@id":"https:\/\/www.psychotherapie-dresden-blasewitz.de\/index.php\/information\/haeufig-gestellte-fragen\/#breadcrumb"},"inLanguage":"de","potentialAction":[{"@type":"ReadAction","target":["https:\/\/www.psychotherapie-dresden-blasewitz.de\/index.php\/information\/haeufig-gestellte-fragen\/"]}]},{"@type":"BreadcrumbList","@id":"https:\/\/www.psychotherapie-dresden-blasewitz.de\/index.php\/information\/haeufig-gestellte-fragen\/#breadcrumb","itemListElement":[{"@type":"ListItem","position":1,"name":"Startseite","item":"https:\/\/www.psychotherapie-dresden-blasewitz.de\/"},{"@type":"ListItem","position":2,"name":"Informationen","item":"https:\/\/www.psychotherapie-dresden-blasewitz.de\/index.php\/information\/"},{"@type":"ListItem","position":3,"name":"H\u00e4ufig gestellte Fragen"}]},{"@type":"WebSite","@id":"https:\/\/www.psychotherapie-dresden-blasewitz.de\/#website","url":"https:\/\/www.psychotherapie-dresden-blasewitz.de\/","name":"Praxis f\u00fcr Psychotherapie","description":"Karin Bischoff-Krauth\u00e4user, Diplom-Psychologin, Psychologische Psychotherapeutin","publisher":{"@id":"https:\/\/www.psychotherapie-dresden-blasewitz.de\/#organization"},"potentialAction":[{"@type":"SearchAction","target":{"@type":"EntryPoint","urlTemplate":"https:\/\/www.psychotherapie-dresden-blasewitz.de\/?s={search_term_string}"},"query-input":{"@type":"PropertyValueSpecification","valueRequired":true,"valueName":"search_term_string"}}],"inLanguage":"de"},{"@type":"Organization","@id":"https:\/\/www.psychotherapie-dresden-blasewitz.de\/#organization","name":"Praxis f\u00fcr Psychotherapie Karin Bischoff-Krauth\u00e4user","url":"https:\/\/www.psychotherapie-dresden-blasewitz.de\/","logo":{"@type":"ImageObject","inLanguage":"de","@id":"https:\/\/www.psychotherapie-dresden-blasewitz.de\/#\/schema\/logo\/image\/","url":"https:\/\/www.psychotherapie-dresden-blasewitz.de\/wp-content\/uploads\/2021\/10\/Bildschirmfoto-2021-10-30-um-13.40.11.png","contentUrl":"https:\/\/www.psychotherapie-dresden-blasewitz.de\/wp-content\/uploads\/2021\/10\/Bildschirmfoto-2021-10-30-um-13.40.11.png","width":570,"height":314,"caption":"Praxis f\u00fcr Psychotherapie Karin Bischoff-Krauth\u00e4user"},"image":{"@id":"https:\/\/www.psychotherapie-dresden-blasewitz.de\/#\/schema\/logo\/image\/"}}]}},"_links":{"self":[{"href":"https:\/\/www.psychotherapie-dresden-blasewitz.de\/index.php\/wp-json\/wp\/v2\/pages\/26","targetHints":{"allow":["GET"]}}],"collection":[{"href":"https:\/\/www.psychotherapie-dresden-blasewitz.de\/index.php\/wp-json\/wp\/v2\/pages"}],"about":[{"href":"https:\/\/www.psychotherapie-dresden-blasewitz.de\/index.php\/wp-json\/wp\/v2\/types\/page"}],"author":[{"embeddable":true,"href":"https:\/\/www.psychotherapie-dresden-blasewitz.de\/index.php\/wp-json\/wp\/v2\/users\/1"}],"replies":[{"embeddable":true,"href":"https:\/\/www.psychotherapie-dresden-blasewitz.de\/index.php\/wp-json\/wp\/v2\/comments?post=26"}],"version-history":[{"count":22,"href":"https:\/\/www.psychotherapie-dresden-blasewitz.de\/index.php\/wp-json\/wp\/v2\/pages\/26\/revisions"}],"predecessor-version":[{"id":464,"href":"https:\/\/www.psychotherapie-dresden-blasewitz.de\/index.php\/wp-json\/wp\/v2\/pages\/26\/revisions\/464"}],"up":[{"embeddable":true,"href":"https:\/\/www.psychotherapie-dresden-blasewitz.de\/index.php\/wp-json\/wp\/v2\/pages\/16"}],"wp:attachment":[{"href":"https:\/\/www.psychotherapie-dresden-blasewitz.de\/index.php\/wp-json\/wp\/v2\/media?parent=26"}],"curies":[{"name":"wp","href":"https:\/\/api.w.org\/{rel}","templated":true}]}}